{"id":3,"date":"2025-09-15T17:56:04","date_gmt":"2025-09-15T17:56:04","guid":{"rendered":"https:\/\/www.krakelee.org\/?page_id=3"},"modified":"2025-11-27T17:21:45","modified_gmt":"2025-11-27T17:21:45","slug":"datenschutz","status":"publish","type":"page","link":"https:\/\/www.krakelee.org\/en\/datenschutz\/","title":{"rendered":"Privacy Policy"},"content":{"rendered":"<h2 class=\"wp-block-heading\">Introduction<\/h2>\n\n\n\n<p><strong>We do not offer an English Translation for this page.\n\n\nDer Schutz Ihrer Daten liegt uns sehr am Herzen. Wir handeln deshalb nach dem Prinzip der Datensparsamkeit und erheben nur einen Bruchteil \u00fcblicherweise erhobener und in der folgenden Erkl\u00e4rung beschriebener Daten. Wir verzichten so gut es geht auf die Nutzung von Cookies und ausgehenden Verbindungen zu anderen Servern, welche R\u00fcckschl\u00fcsse auf Ihre Identit\u00e4t zulassen k\u00f6nnen.<\/strong><\/p>\n\n\n\n<p>Mit der folgenden Datenschutzerkl\u00e4rung m\u00f6chten wir Sie dar\u00fcber aufkl\u00e4ren, welche Arten personenbezogener Daten (nachfolgend auch kurz als \u00bbDaten\u00ab bezeichnet) wir zu welchen Zwecken und in welchem Umfang verarbeiten. Die Datenschutzerkl\u00e4rung gilt f\u00fcr alle von uns durchgef\u00fchrten Verarbeitungen personenbezogener Daten, sowohl im Rahmen der Erbringung unserer Leistungen als auch insbesondere auf unseren Webseiten, in mobilen Applikationen sowie innerhalb externer Onlinepr\u00e4senzen, wie z. B. unserer Social-Media-Profile (nachfolgend zusammenfassend bezeichnet als \u00bbOnlineangebot\u00ab).<\/p>\n\n\n\n<p>Stand: 10.05.2024<\/p>\n\n\n\n<div style=\"height:40px\" aria-hidden=\"true\" class=\"wp-block-spacer\"><\/div>\n\n\n\n<h2 class=\"wp-block-heading\">Inhalts\u00fcbersicht<\/h2>\n\n\n\n<ul class=\"wp-block-list\">\n<li><a href=\"https:\/\/www.krakelee.org\/en\/datenschutz\/#m14\">Introduction<\/a><\/li>\n\n\n\n<li><a href=\"https:\/\/www.krakelee.org\/en\/datenschutz\/#m3\">Verantwortliche<\/a><\/li>\n\n\n\n<li><a href=\"https:\/\/www.krakelee.org\/en\/datenschutz\/#m11\">Kontakt Datenschutzbeauftragter<\/a><\/li>\n\n\n\n<li><a href=\"https:\/\/www.krakelee.org\/en\/datenschutz\/#mOverview\">\u00dcbersicht der Verarbeitungen<\/a><\/li>\n\n\n\n<li><a href=\"https:\/\/www.krakelee.org\/en\/datenschutz\/#m13\">Ma\u00dfgebliche Rechtsgrundlagen<\/a><\/li>\n\n\n\n<li><a href=\"https:\/\/www.krakelee.org\/en\/datenschutz\/#m27\">Sicherheitsma\u00dfnahmen<\/a><\/li>\n\n\n\n<li><a href=\"https:\/\/www.krakelee.org\/en\/datenschutz\/#m25\">\u00dcbermittlung von personenbezogenen&nbsp;Daten<\/a><\/li>\n\n\n\n<li><a href=\"https:\/\/www.krakelee.org\/en\/datenschutz\/#m12\">L\u00f6schung von&nbsp;Daten<\/a><\/li>\n\n\n\n<li><a href=\"https:\/\/www.krakelee.org\/en\/datenschutz\/#m134\">Einsatz von Cookies<\/a><\/li>\n\n\n\n<li><a href=\"https:\/\/www.krakelee.org\/en\/datenschutz\/#m354\">Wahrnehmung von Aufgaben nach Satzung oder Gesch\u00e4ftsordnung<\/a><\/li>\n\n\n\n<li><a href=\"https:\/\/www.krakelee.org\/en\/datenschutz\/#m225\">Bereitstellung des Onlineangebotes und Webhosting<\/a><\/li>\n\n\n\n<li><a href=\"https:\/\/www.krakelee.org\/en\/datenschutz\/#m104\">Blogs und Publikationsmedien<\/a><\/li>\n\n\n\n<li><a href=\"https:\/\/www.krakelee.org\/en\/datenschutz\/#m182\">Kontakt- und Anfragenverwaltung<\/a><\/li>\n\n\n\n<li><a href=\"https:\/\/www.krakelee.org\/en\/datenschutz\/#m17\">Newsletter und elektronische Benachrichtigungen<\/a><\/li>\n\n\n\n<li><a href=\"https:\/\/www.krakelee.org\/en\/datenschutz\/#m638\">Werbliche Kommunikation via E\u2011Mail, Post, Fax oder Telefon<\/a><\/li>\n\n\n\n<li><a href=\"https:\/\/www.krakelee.org\/en\/datenschutz\/#m136\">Pr\u00e4senzen in sozialen Netzwerken (Social Media)<\/a><\/li>\n\n\n\n<li><a href=\"https:\/\/www.krakelee.org\/en\/datenschutz\/#m328\">Plugins und eingebettete Funktionen sowie Inhalte<\/a><\/li>\n\n\n\n<li><a href=\"https:\/\/www.krakelee.org\/en\/datenschutz\/#m15\">\u00c4nderung und Aktualisierung der Datenschutzerkl\u00e4rung<\/a><\/li>\n\n\n\n<li><a href=\"https:\/\/www.krakelee.org\/en\/datenschutz\/#m10\">Rechte der betroffenen Personen<\/a><\/li>\n\n\n\n<li><a href=\"https:\/\/www.krakelee.org\/en\/datenschutz\/#m42\">Begriffsdefinitionen<\/a><\/li>\n<\/ul>\n\n\n\n<div style=\"height:40px\" aria-hidden=\"true\" class=\"wp-block-spacer\"><\/div>\n\n\n\n<h2 class=\"wp-block-heading\" id=\"m3\">Verantwortliche<\/h2>\n\n\n\n<p>krakelee eG<br>Genovevastra\u00dfe 94<br>51063 K\u00f6ln<\/p>\n\n\n\n<p><strong>Vertretungsberechtigte Personen:<br><\/strong>Juliane Berg, Jakob Kilian<\/p>\n\n\n\n<p><strong>E\u2011Mail:<\/strong>&nbsp;<a href=\"mailto:web@krakelee.org\">web@krakelee.org<\/a><br><strong>Impressum<\/strong>: https:\/\/www.krakelee.org\/impressum\/<\/p>\n\n\n\n<div style=\"height:40px\" aria-hidden=\"true\" class=\"wp-block-spacer\"><\/div>\n\n\n\n<h2 class=\"wp-block-heading\" id=\"m11\">Datenschutzbeauftragter<\/h2>\n\n\n\n<p>Jan Schmutzler<br><strong>E\u2011Mail:&nbsp;<\/strong><a href=\"mailto:datenschutz@krakelee.org\">datenschutz@krakelee.org<\/a><\/p>\n\n\n\n<div style=\"height:40px\" aria-hidden=\"true\" class=\"wp-block-spacer\"><\/div>\n\n\n\n<h2 class=\"wp-block-heading\" id=\"mOverview\">\u00dcbersicht der Verarbeitungen<\/h2>\n\n\n\n<p>Die nachfolgende \u00dcbersicht fasst die Arten der verarbeiteten Daten und die Zwecke ihrer Verarbeitung zusammen und verweist auf die betroffenen Personen.<\/p>\n\n\n\n<div style=\"height:40px\" aria-hidden=\"true\" class=\"wp-block-spacer\"><\/div>\n\n\n\n<h3 class=\"wp-block-heading\">Arten der verarbeiteten Daten<\/h3>\n\n\n\n<ul class=\"wp-block-list\">\n<li>Bestandsdaten.<\/li>\n\n\n\n<li>Zahlungsdaten.<\/li>\n\n\n\n<li>Kontaktdaten.<\/li>\n\n\n\n<li>Inhaltsdaten.<\/li>\n\n\n\n<li>Vertragsdaten.<\/li>\n\n\n\n<li>Nutzungsdaten.<\/li>\n\n\n\n<li>Meta-\/Kommunikationsdaten.<\/li>\n<\/ul>\n\n\n\n<div style=\"height:40px\" aria-hidden=\"true\" class=\"wp-block-spacer\"><\/div>\n\n\n\n<h3 class=\"wp-block-heading\">Kategorien betroffener Personen<\/h3>\n\n\n\n<ul class=\"wp-block-list\">\n<li>Kommunikationspartner:innen.<\/li>\n\n\n\n<li>Nutzer:innen.<\/li>\n\n\n\n<li>Mitglieder.<\/li>\n\n\n\n<li>Partner:innen.<\/li>\n<\/ul>\n\n\n\n<div style=\"height:40px\" aria-hidden=\"true\" class=\"wp-block-spacer\"><\/div>\n\n\n\n<h3 class=\"wp-block-heading\">Zwecke der Verarbeitung<\/h3>\n\n\n\n<ul class=\"wp-block-list\">\n<li>Kontaktanfragen und Kommunikation.<\/li>\n\n\n\n<li>Sicherheitsma\u00dfnahmen.<\/li>\n\n\n\n<li>Direktmarketing.<\/li>\n\n\n\n<li>Verwaltung und Beantwortung von Anfragen.<\/li>\n\n\n\n<li>Feedback.<\/li>\n\n\n\n<li>Marketing.<\/li>\n\n\n\n<li>Profile mit nutzer:innenbezogenen Informationen.<\/li>\n\n\n\n<li>Bereitstellung unseres Onlineangebotes und Nutzer:innenfreundlichkeit.<\/li>\n\n\n\n<li>Informationstechnische Infrastruktur.<\/li>\n<\/ul>\n\n\n\n<div style=\"height:40px\" aria-hidden=\"true\" class=\"wp-block-spacer\"><\/div>\n\n\n\n<h3 class=\"wp-block-heading\" id=\"m13\">Ma\u00dfgebliche Rechtsgrundlagen<\/h3>\n\n\n\n<p>Im Folgenden erhalten Sie eine \u00dcbersicht der Rechtsgrundlagen der DSGVO, auf deren Basis wir personenbezogene Daten verarbeiten. Bitte nehmen Sie zur Kenntnis, dass neben den Regelungen der DSGVO nationale Datenschutzvorgaben in Ihrem bzw. unserem Wohn- oder Sitzland gelten k\u00f6nnen. Sollten ferner im Einzelfall speziellere Rechtsgrundlagen ma\u00dfgeblich sein, teilen wir Ihnen diese in der Datenschutzerkl\u00e4rung&nbsp;mit.<\/p>\n\n\n\n<ul class=\"wp-block-list\">\n<li><strong>Einwilligung (Art. 6 Abs. 1 S. 1 lit. a) DSGVO)<\/strong>&nbsp;\u2013 Die betroffene Person hat ihre Einwilligung in die Verarbeitung der sie betreffenden personenbezogenen Daten f\u00fcr einen spezifischen Zweck oder mehrere bestimmte Zwecke gegeben.<\/li>\n\n\n\n<li><strong>Vertragserf\u00fcllung und vorvertragliche Anfragen (Art. 6 Abs. 1 S. 1 lit. b) DSGVO)<\/strong>&nbsp;\u2013 Die Verarbeitung ist f\u00fcr die Erf\u00fcllung eines Vertrags, dessen Vertragspartei die betroffene Person ist, oder zur Durchf\u00fchrung vorvertraglicher Ma\u00dfnahmen erforderlich, die auf Anfrage der betroffenen Person erfolgen.<\/li>\n\n\n\n<li><strong>Berechtigte Interessen (Art. 6 Abs. 1 S. 1 lit. f) DSGVO)<\/strong>&nbsp;\u2013 Die Verarbeitung ist zur Wahrung der berechtigten Interessen des Verantwortlichen oder eines Dritten erforderlich, sofern nicht die Interessen oder Grundrechte und Grundfreiheiten der betroffenen Person, die den Schutz personenbezogener Daten erfordern, \u00fcberwiegen.<\/li>\n<\/ul>\n\n\n\n<div style=\"height:40px\" aria-hidden=\"true\" class=\"wp-block-spacer\"><\/div>\n\n\n\n<p>Zus\u00e4tzlich zu den Datenschutzregelungen der Datenschutz-Grundverordnung gelten nationale Regelungen zum Datenschutz in Deutschland. Hierzu geh\u00f6rt insbesondere das Gesetz zum Schutz vor Missbrauch personenbezogener Daten bei der Datenverarbeitung (Bundesdatenschutzgesetz \u2013 BDSG). Das BDSG enth\u00e4lt insbesondere Spezialregelungen zum Recht auf Auskunft, zum Recht auf L\u00f6schung, zum Widerspruchsrecht, zur Verarbeitung besonderer Kategorien personenbezogener Daten, zur Verarbeitung f\u00fcr andere Zwecke und zur \u00dcbermittlung sowie automatisierten Entscheidungsfindung im Einzelfall einschlie\u00dflich Profiling. Des Weiteren regelt es die Datenverarbeitung f\u00fcr Zwecke des Besch\u00e4ftigungsverh\u00e4ltnisses (\u00a7 26 BDSG), insbesondere im Hinblick auf die Begr\u00fcndung, Durchf\u00fchrung oder Beendigung von Besch\u00e4ftigungsverh\u00e4ltnissen sowie die Einwilligung von Besch\u00e4ftigten. Ferner k\u00f6nnen Landesdatenschutzgesetze der einzelnen Bundesl\u00e4nder zur Anwendung gelangen.<\/p>\n\n\n\n<div style=\"height:40px\" aria-hidden=\"true\" class=\"wp-block-spacer\"><\/div>\n\n\n\n<h2 class=\"wp-block-heading\" id=\"m27\">Sicherheitsma\u00dfnahmen<\/h2>\n\n\n\n<p>Wir treffen nach Ma\u00dfgabe der gesetzlichen Vorgaben unter Ber\u00fccksichtigung des Stands der Technik, der Implementierungskosten und der Art, des Umfangs, der Umst\u00e4nde und der Zwecke der Verarbeitung sowie der unterschiedlichen Eintrittswahrscheinlichkeiten und des Ausma\u00dfes der Bedrohung der Rechte und Freiheiten nat\u00fcrlicher Personen geeignete technische und organisatorische Ma\u00dfnahmen, um ein dem Risiko angemessenes Schutzniveau zu gew\u00e4hrleisten.<\/p>\n\n\n\n<p>Zu den Ma\u00dfnahmen geh\u00f6ren insbesondere die Sicherung der Vertraulichkeit, Integrit\u00e4t und Verf\u00fcgbarkeit von Daten durch Kontrolle des physischen und elektronischen Zugangs zu den Daten als auch des sie betreffenden Zugriffs, der Eingabe, der Weitergabe, der Sicherung der Verf\u00fcgbarkeit und ihrer Trennung. Des Weiteren haben wir Verfahren eingerichtet, die eine Wahrnehmung von Betroffenenrechten, die L\u00f6schung von Daten und Reaktionen auf die Gef\u00e4hrdung der Daten gew\u00e4hrleisten. Ferner ber\u00fccksichtigen wir den Schutz personenbezogener Daten bereits bei der Entwicklung bzw. Auswahl von Hardware, Software sowie Verfahren entsprechend dem Prinzip des Datenschutzes, durch Technikgestaltung und durch datenschutzfreundliche Voreinstellungen.<\/p>\n\n\n\n<p>K\u00fcrzung der IP-Adresse: Sofern IP-Adressen von uns oder von den eingesetzten Dienstleistern und Technologien verarbeitet werden und die Verarbeitung einer vollst\u00e4ndigen IP-Adresse nicht erforderlich ist, wird die IP-Adresse gek\u00fcrzt (auch als \u00bbIP-Masking\u00ab bezeichnet). Hierbei werden die letzten beiden Ziffern, bzw. der letzte Teil der IP-Adresse nach einem Punkt entfernt, bzw. durch Platzhalter ersetzt. Mit der K\u00fcrzung der IP-Adresse soll die Identifizierung einer Person anhand ihrer IP-Adresse verhindert oder wesentlich erschwert werden.<\/p>\n\n\n\n<p>TLS-Verschl\u00fcsselung (https): Um Ihre via unserem Online-Angebot \u00fcbermittelten Daten zu sch\u00fctzen, nutzen wir eine TLS-Verschl\u00fcsselung. Sie erkennen derart verschl\u00fcsselte Verbindungen an dem Pr\u00e4fix&nbsp;<strong>https:\/\/<\/strong>&nbsp;in der Adresszeile Ihres Browsers.<\/p>\n\n\n\n<div style=\"height:40px\" aria-hidden=\"true\" class=\"wp-block-spacer\"><\/div>\n\n\n\n<h2 class=\"wp-block-heading\" id=\"m25\">\u00dcbermittlung von personenbezogenen Daten<\/h2>\n\n\n\n<p>Im Rahmen unserer Verarbeitung von personenbezogenen Daten kommt es vor, dass die Daten an andere Stellen, Unternehmen, rechtlich selbstst\u00e4ndige Organisationseinheiten oder Personen \u00fcbermittelt oder sie ihnen gegen\u00fcber offengelegt werden. Zu den Empf\u00e4ngern dieser Daten k\u00f6nnen z.B. mit IT-Aufgaben beauftragte Dienstleister oder Anbieter von Diensten und Inhalten, die in eine Webseite eingebunden werden, geh\u00f6ren. In solchen Fall beachten wir die gesetzlichen Vorgaben und schlie\u00dfen insbesondere entsprechende Vertr\u00e4ge bzw. Vereinbarungen, die dem Schutz Ihrer Daten dienen, mit den Empf\u00e4ngern Ihrer Daten&nbsp;ab.<\/p>\n\n\n\n<p>Daten\u00fcbermittlung innerhalb der Organisation: Wir k\u00f6nnen personenbezogene Daten an andere Stellen innerhalb unserer Organisation \u00fcbermitteln oder ihnen den Zugriff auf diese Daten gew\u00e4hren. Sofern diese Weitergabe zu administrativen Zwecken erfolgt, beruht die Weitergabe der Daten auf unseren berechtigten unternehmerischen und betriebswirtschaftlichen Interessen oder erfolgt, sofern sie Erf\u00fcllung unserer vertragsbezogenen Verpflichtungen erforderlich ist oder wenn eine Einwilligung der Betroffenen oder eine gesetzliche Erlaubnis vorliegt.<\/p>\n\n\n\n<div style=\"height:40px\" aria-hidden=\"true\" class=\"wp-block-spacer\"><\/div>\n\n\n\n<h2 class=\"wp-block-heading\" id=\"m12\">L\u00f6schung von&nbsp;Daten<\/h2>\n\n\n\n<p>Die von uns verarbeiteten Daten werden nach Ma\u00dfgabe der gesetzlichen Vorgaben gel\u00f6scht, sobald deren zur Verarbeitung erlaubten Einwilligungen widerrufen werden oder sonstige Erlaubnisse entfallen (z.B. wenn der Zweck der Verarbeitung dieser Daten entfallen ist oder sie f\u00fcr den Zweck nicht erforderlich sind). Sofern die Daten nicht gel\u00f6scht werden, weil sie f\u00fcr andere und gesetzlich zul\u00e4ssige Zwecke erforderlich sind, wird deren Verarbeitung auf diese Zwecke beschr\u00e4nkt. D.h., die Daten werden gesperrt und nicht f\u00fcr andere Zwecke verarbeitet. Das gilt z.B. f\u00fcr Daten, die aus handels- oder steuerrechtlichen Gr\u00fcnden aufbewahrt werden m\u00fcssen oder deren Speicherung zur Geltendmachung, Aus\u00fcbung oder Verteidigung von Rechtsanspr\u00fcchen oder zum Schutz der Rechte einer anderen nat\u00fcrlichen oder juristischen Person erforderlich&nbsp;ist.<\/p>\n\n\n\n<p>Unsere Datenschutzhinweise k\u00f6nnen ferner weitere Angaben zu der Aufbewahrung und L\u00f6schung von Daten beinhalten, die f\u00fcr die jeweiligen Verarbeitungen vorrangig gelten.<\/p>\n\n\n\n<div style=\"height:40px\" aria-hidden=\"true\" class=\"wp-block-spacer\"><\/div>\n\n\n\n<h2 class=\"wp-block-heading\" id=\"m134\">Einsatz von Cookies<\/h2>\n\n\n\n<p>Cookies sind kleine Textdateien, bzw. sonstige Speichervermerke, die Informationen auf Endger\u00e4ten speichern und Informationen aus den Endger\u00e4ten auslesen. Cookies k\u00f6nnen ferner zu unterschiedlichen Zwecken eingesetzt werden, z.B. zu Zwecken der Funktionsf\u00e4higkeit, Sicherheit und Komfort von Onlineangeboten sowie der Erstellung von Analysen der Besucher:innenstr\u00f6me.<\/p>\n\n\n\n<p><strong>Hinweise zur Einwilligung:&nbsp;<\/strong>Wir setzen Cookies im Einklang mit den gesetzlichen Vorschriften ein. Daher holen wir von den Nutzer:innen eine vorhergehende Einwilligung ein, au\u00dfer wenn diese gesetzlich nicht gefordert ist. Eine Einwilligung ist insbesondere nicht notwendig, wenn das Speichern und das Auslesen der Informationen, also auch von Cookies, unbedingt erforderlich sind, um dem den Nutzer:innen einen von ihnen ausdr\u00fccklich gew\u00fcnschten Telemediendienst (also unser Onlineangebot) zur Verf\u00fcgung zu stellen. Die widerrufliche Einwilligung wird gegen\u00fcber den Nutzer:innen deutlich kommuniziert und enth\u00e4lt die Informationen zu der jeweiligen Cookie-Nutzung.<\/p>\n\n\n\n<p><strong>Hinweise zu datenschutzrechtlichen Rechtsgrundlagen:&nbsp;<\/strong>Auf welcher datenschutzrechtlichen Rechtsgrundlage wir die personenbezogenen Daten der Nutzer:innen mit Hilfe von Cookies verarbeiten, h\u00e4ngt davon ab, ob wir Nutzenden um eine Einwilligung bitten. Falls die Nutzer:innen einwilligen, ist die Rechtsgrundlage der Verarbeitung Ihrer Daten die erkl\u00e4rte Einwilligung. Andernfalls werden die mithilfe von Cookies verarbeiteten Daten auf Grundlage unserer berechtigten Interessen (z.B. an einem betriebswirtschaftlichen Betrieb unseres Onlineangebotes und Verbesserung seiner Nutzbarkeit) verarbeitet oder, wenn dies im Rahmen der Erf\u00fcllung unserer vertraglichen Pflichten erfolgt, wenn der Einsatz von Cookies erforderlich ist, um unsere vertraglichen Verpflichtungen zu erf\u00fcllen. Zu welchen Zwecken die Cookies von uns verarbeitet werden, dar\u00fcber kl\u00e4ren wir im Laufe dieser Datenschutzerkl\u00e4rung oder im Rahmen von unseren Einwilligungs- und Verarbeitungsprozessen&nbsp;auf.<\/p>\n\n\n\n<p><strong>Speicherdauer:&nbsp;<\/strong>Im Hinblick auf die Speicherdauer werden die folgenden Arten von Cookies unterschieden:<\/p>\n\n\n\n<ul class=\"wp-block-list\">\n<li><strong>Tempor\u00e4re Cookies (auch: Session- oder Sitzungs-Cookies):<\/strong>&nbsp;Tempor\u00e4re Cookies werden sp\u00e4testens gel\u00f6scht, nachdem ein Nutzer:innen ein Online-Angebot verlassen und sein Endger\u00e4t (z.B. Browser oder mobile Applikation) geschlossen&nbsp;hat.<\/li>\n\n\n\n<li><strong>Permanente Cookies:<\/strong>&nbsp;Permanente Cookies bleiben auch nach dem Schlie\u00dfen des Endger\u00e4tes gespeichert. So k\u00f6nnen beispielsweise der Login-Status gespeichert oder bevorzugte Inhalte direkt angezeigt werden, wenn der Nutzer:innen eine Website erneut besucht. Ebenso k\u00f6nnen die mit Hilfe von Cookies erhobenen Daten der Nutzer:innen zur Reichweitenmessung verwendet werden. Sofern wir Nutzer:innen&nbsp;keine expliziten Angaben zur Art und Speicherdauer von Cookies mitteilen (z. B. im Rahmen der Einholung der Einwilligung), sollten Nutzer:innen davon ausgehen, dass Cookies permanent sind und die Speicherdauer bis zu zwei Jahre betragen&nbsp;kann.<\/li>\n<\/ul>\n\n\n\n<p><strong>Allgemeine Hinweise zum Widerruf und Widerspruch (Opt-Out):&nbsp;<\/strong>Nutzer:innen k\u00f6nnen die von ihnen abgegebenen Einwilligungen jederzeit widerrufen und zudem einen Widerspruch gegen die Verarbeitung entsprechend&nbsp;den gesetzlichen Vorgaben im Art. 21 DSGVO einlegen.&nbsp;Nutzer:innen k\u00f6nnen ihren Widerspruch auch \u00fcber die Einstellungen ihres Browsers erkl\u00e4ren, z.B. durch Deaktivierung der Verwendung von Cookies (wobei dadurch auch die Funktionalit\u00e4t unserer Online-Dienste eingeschr\u00e4nkt sein kann). Ein Widerspruch gegen die Verwendung von Cookies zu Online-Marketing-Zwecken kann auch \u00fcber die Websites&nbsp;<a rel=\"noreferrer noopener\" href=\"https:\/\/optout.aboutads.info\/\" target=\"_blank\">https:\/\/optout.aboutads.info<\/a>&nbsp;und&nbsp;<a rel=\"noreferrer noopener\" href=\"https:\/\/www.youronlinechoices.com\/\" target=\"_blank\">https:\/\/www.youronlinechoices.com\/<\/a>&nbsp;erkl\u00e4rt werden.<\/p>\n\n\n\n<div style=\"height:40px\" aria-hidden=\"true\" class=\"wp-block-spacer\"><\/div>\n\n\n\n<p><strong>Weitere Hinweise zu Verarbeitungsprozessen, Verfahren und Diensten:<\/strong><\/p>\n\n\n\n<ul class=\"wp-block-list\">\n<li><strong>Verarbeitung von Cookie-Daten auf Grundlage einer Einwilligung:&nbsp;<\/strong>Wir setzen ein Verfahren zum Cookie-Einwilligungs-Management ein, in dessen Rahmen die Einwilligungen der Nutzer:innen in den Einsatz von Cookies, bzw. der im Rahmen des Cookie-Einwilligungs-Management-Verfahrens genannten Verarbeitungen und Anbieter eingeholt sowie von den Nutzer:innen verwaltet und widerrufen werden k\u00f6nnen. Hierbei wird die Einwilligungserkl\u00e4rung gespeichert, um deren Abfrage nicht erneut wiederholen zu m\u00fcssen und die Einwilligung entsprechend der gesetzlichen Verpflichtung nachweisen zu k\u00f6nnen. Die Speicherung kann serverseitig und\/oder in einem Cookie (sogenanntes Opt-In-Cookie, bzw. mithilfe vergleichbarer Technologien) erfolgen, um die Einwilligung einem Nutzer:innen, bzw. dessen Ger\u00e4t zuordnen zu k\u00f6nnen. Vorbehaltlich individueller Angaben zu den Anbietern von Cookie-Management-Diensten, gelten die folgenden Hinweise: Die Dauer der Speicherung der Einwilligung kann bis zu zwei Jahren betragen. Hierbei wird ein pseudonymer Nutzer:innen-Identifikator gebildet und mit dem Zeitpunkt der Einwilligung, Angaben zur Reichweite der Einwilligung (z. B. welche Kategorien von Cookies und\/oder Diensteanbieter) sowie dem Browser, System und verwendeten Endger\u00e4t gespeichert.<\/li>\n<\/ul>\n\n\n\n<div style=\"height:40px\" aria-hidden=\"true\" class=\"wp-block-spacer\"><\/div>\n\n\n\n<h2 class=\"wp-block-heading\" id=\"m354\">Wahrnehmung von Aufgaben nach Satzung&nbsp;<\/h2>\n\n\n\n<p>Wir verarbeiten die Daten unserer Mitglieder:innen, Unterst\u00fctzer:innen, Interessenten, Gesch\u00e4ftspartner:innen oder sonstiger Personen (Zusammenfassend \u00bbBetroffene\u00ab), wenn wir mit ihnen in einem Mitgliedschafts- oder sonstigem gesch\u00e4ftlichen Verh\u00e4ltnis stehen und unsere Aufgaben wahrnehmen sowie Empf\u00e4nger:innen von Leistungen und Zuwendungen sind. Im \u00dcbrigen verarbeiten wir die Daten Betroffener auf Grundlage unserer berechtigten Interessen, z.B. wenn es sich um administrative Aufgaben oder \u00d6ffentlichkeitsarbeit handelt.<\/p>\n\n\n\n<p>Die hierbei verarbeiteten Daten, die Art, der Umfang und der Zweck und die Erforderlichkeit ihrer Verarbeitung, bestimmen sich nach dem zugrundeliegenden Mitgliedschafts- oder Vertragsverh\u00e4ltnis, aus dem sich auch die Erforderlichkeit etwaiger Datenangaben ergeben (im \u00dcbrigen weisen wir auf erforderliche Daten&nbsp;hin).<\/p>\n\n\n\n<p>Wir l\u00f6schen Daten, die zur Erbringung unserer satzungsm\u00e4\u00dfigen Zwecke nicht mehr erforderlich sind. Dies bestimmt sich entsprechend der jeweiligen Aufgaben und vertraglichen Beziehungen. Wir bewahren die Daten so lange auf, wie sie zur Gesch\u00e4ftsabwicklung, als auch im Hinblick auf etwaige Gew\u00e4hrleistungs- oder Haftungspflichten auf Grundlage unserer berechtigten Interesse an deren Regelung relevant sein k\u00f6nnen. Die Erforderlichkeit der Aufbewahrung der Daten wird regelm\u00e4\u00dfig \u00fcberpr\u00fcft; im \u00dcbrigen gelten die gesetzlichen Aufbewahrungspflichten.<\/p>\n\n\n\n<ul class=\"wp-block-list\">\n<li><strong>Verarbeitete Datenarten:<\/strong>&nbsp;Bestandsdaten (z.B. Namen, Adressen); Kontaktdaten (z.B. E\u2011Mail, Telefonnummern); Vertragsdaten (z.B. Vertragsgegenstand, Laufzeit, Kundenkategorie).<\/li>\n\n\n\n<li><strong>Betroffene Personen:<\/strong>&nbsp;Nutzer:innen (z.B. Webseitenbesucher:innen, Nutzer:innen von Onlinediensten); Mitglieder; Gesch\u00e4fts- und Vertragspartner:innen.<\/li>\n\n\n\n<li><strong>Zwecke der Verarbeitung:<\/strong>&nbsp;Kontaktanfragen und Kommunikation; Verwaltung und Beantwortung von Anfragen.<\/li>\n\n\n\n<li><strong>Rechtsgrundlagen:<\/strong>&nbsp;Vertragserf\u00fcllung und vorvertragliche Anfragen (Art. 6 Abs. 1 S. 1 lit. b) DSGVO); Berechtigte Interessen (Art. 6 Abs. 1 S. 1 lit. f)&nbsp;DSGVO).<\/li>\n<\/ul>\n\n\n\n<div style=\"height:40px\" aria-hidden=\"true\" class=\"wp-block-spacer\"><\/div>\n\n\n\n<h2 class=\"wp-block-heading\" id=\"m225\">Bereitstellung des Onlineangebotes und Webhosting<\/h2>\n\n\n\n<p>Wir verarbeiten die Daten der Nutzer:innen, um ihnen unsere Online-Dienste zur Verf\u00fcgung stellen zu k\u00f6nnen. Zu diesem Zweck verarbeiten wir die IP-Adresse der Nutzer:innen, die notwendig sind, um die Inhalte und Funktionen unserer Online-Dienste an den Browser oder das Endger\u00e4t der Nutzer:innen zu \u00fcbermitteln.<\/p>\n\n\n\n<ul class=\"wp-block-list\">\n<li><strong>Verarbeitete Datenarten:<\/strong>&nbsp;Nutzungsdaten (z.B. besuchte Webseiten, Interesse an Inhalten, Zugriffszeiten); Meta-\/Kommunikationsdaten (z.B. Ger\u00e4te-Informationen, IP-Adressen); Inhaltsdaten (z.B. Eingaben in Onlineformularen).<\/li>\n\n\n\n<li><strong>Betroffene Personen:<\/strong>&nbsp;Nutzer:innen (z.B. Webseitenbesucher:innen, Nutzer:innen von Onlinediensten).<\/li>\n\n\n\n<li><strong>Zwecke der Verarbeitung:<\/strong>&nbsp;Bereitstellung unseres Onlineangebotes und Nutzer:innenfreundlichkeit; Informationstechnische Infrastruktur (Betrieb und Bereitstellung von Informationssystemen und technischen Ger\u00e4ten (Computer, Server etc.).); Sicherheitsma\u00dfnahmen.<\/li>\n\n\n\n<li><strong>Rechtsgrundlagen:<\/strong>&nbsp;Berechtigte Interessen (Art. 6 Abs. 1 S. 1 lit. f)&nbsp;DSGVO).<\/li>\n<\/ul>\n\n\n\n<div style=\"height:40px\" aria-hidden=\"true\" class=\"wp-block-spacer\"><\/div>\n\n\n\n<p><strong>Weitere Hinweise zu Verarbeitungsprozessen, Verfahren und Diensten:<\/strong><\/p>\n\n\n\n<ul class=\"wp-block-list\">\n<li><strong>Bereitstellung Onlineangebot auf gemietetem Speicherplatz:&nbsp;<\/strong>F\u00fcr die Bereitstellung unseres Onlineangebotes nutzen wir Speicherplatz, Rechenkapazit\u00e4t und Software, die wir von einem entsprechenden Serveranbieter (auch \u00bbWebhoster\u00ab genannt) mieten oder anderweitig beziehen;&nbsp;<strong>Rechtsgrundlagen:<\/strong>&nbsp;Berechtigte Interessen (Art. 6 Abs. 1 S. 1 lit. f)&nbsp;DSGVO).<\/li>\n\n\n\n<li><strong>Erhebung von Zugriffsdaten und Logfiles:&nbsp;<\/strong>Der Zugriff auf unser Onlineangebot wird in Form von so genannten \u00bbServer-Logfiles\u00ab protokolliert. Zu den Serverlogfiles k\u00f6nnen die Adresse und Name der abgerufenen Webseiten und Dateien, Datum und Uhrzeit des Abrufs, \u00fcbertragene Datenmengen, Meldung \u00fcber erfolgreichen Abruf, Browsertyp nebst Version, das Betriebssystem der Nutzer:innen, Referrer URL (die zuvor besuchte Seite) und im Regelfall IP-Adressen und der anfragende Provider geh\u00f6ren. Die Serverlogfiles k\u00f6nnen zum einen zu Zwecken der Sicherheit eingesetzt werden, z.B., um eine \u00dcberlastung der Server zu vermeiden (insbesondere im Fall von missbr\u00e4uchlichen Angriffen, sogenannten DDoS-Attacken) und zum anderen, um die Auslastung der Server und ihre Stabilit\u00e4t sicherzustellen;&nbsp;<strong>Rechtsgrundlagen:<\/strong>&nbsp;Berechtigte Interessen (Art. 6 Abs. 1 S. 1 lit. f) DSGVO);&nbsp;<strong>L\u00f6schung von Daten:<\/strong>&nbsp;Logfile-Informationen werden f\u00fcr die Dauer von maximal 30 Tagen gespeichert und danach gel\u00f6scht oder anonymisiert. Daten, deren weitere Aufbewahrung zu Beweiszwecken erforderlich ist, sind bis zur endg\u00fcltigen Kl\u00e4rung des jeweiligen Vorfalls von der L\u00f6schung ausgenommen.<\/li>\n\n\n\n<li><strong>E\u2011Mail-Versand und \u2011Hosting:&nbsp;<\/strong>Die von uns in Anspruch genommenen Webhosting-Leistungen umfassen ebenfalls den Versand, den Empfang sowie die Speicherung von E\u2011Mails. Zu diesen Zwecken werden die Adressen der Empf\u00e4nger sowie Absender als auch weitere Informationen betreffend den E\u2011Mailversand (z.B. die beteiligten Provider) sowie die Inhalte der jeweiligen E\u2011Mails verarbeitet. Die vorgenannten Daten k\u00f6nnen ferner zu Zwecken der Erkennung von SPAM verarbeitet werden. Wir bitten darum, zu beachten, dass E\u2011Mails im Internet grunds\u00e4tzlich nicht verschl\u00fcsselt versendet werden. Im Regelfall werden E\u2011Mails zwar auf dem Transportweg verschl\u00fcsselt, aber (sofern kein sogenanntes Ende-zu-Ende-Verschl\u00fcsselungsverfahren eingesetzt wird) nicht auf den Servern, von denen sie abgesendet und empfangen werden. Wir k\u00f6nnen daher f\u00fcr den \u00dcbertragungsweg der E\u2011Mails zwischen dem Absender und dem Empfang auf unserem Server keine Verantwortung \u00fcbernehmen;&nbsp;<strong>Rechtsgrundlagen:<\/strong>&nbsp;Berechtigte Interessen (Art. 6 Abs. 1 S. 1 lit. f)&nbsp;DSGVO).<\/li>\n\n\n\n<li><strong>Content-Delivery-Network:&nbsp;<\/strong>Wir setzen ein \u00bbContent-Delivery-Network\u00ab (CDN) ein. Ein CDN ist ein Dienst, mit dessen Hilfe Inhalte eines Onlineangebotes, insbesondere gro\u00dfe Mediendateien, wie Grafiken oder Programm-Skripte, mit Hilfe regional verteilter und \u00fcber das Internet verbundener Server schneller und sicherer ausgeliefert werden k\u00f6nnen;&nbsp;<strong>Rechtsgrundlagen:<\/strong>&nbsp;Berechtigte Interessen (Art. 6 Abs. 1 S. 1 lit. f)&nbsp;DSGVO).<\/li>\n\n\n\n<li><strong>Hetzner:&nbsp;<\/strong>Leistungen auf dem Gebiet der Bereitstellung von informationstechnischer Infrastruktur und verbundenen Dienstleistungen (z.B. Speicherplatz und\/oder Rechenkapazit\u00e4ten);&nbsp;<strong>Dienstanbieter:<\/strong>&nbsp;Hetzner Online GmbH, Industriestr. 25, 91710 Gunzenhausen, Deutschland;&nbsp;<strong>Rechtsgrundlagen:<\/strong>&nbsp;Berechtigte Interessen (Art. 6 Abs. 1 S. 1 lit. f) DSGVO);&nbsp;<strong>Website:<\/strong>&nbsp;<a href=\"https:\/\/www.hetzner.com\/\" target=\"_blank\" rel=\"noreferrer noopener\">https:\/\/www.hetzner.com<\/a>;&nbsp;<strong>Datenschutzerkl\u00e4rung:<\/strong>&nbsp;<a href=\"https:\/\/www.hetzner.com\/de\/rechtliches\/datenschutz\" target=\"_blank\" rel=\"noreferrer noopener\">https:\/\/www.hetzner.com\/de\/rechtliches\/datenschutz<\/a>;&nbsp;<strong>Auftragsverarbeitungsvertrag:<\/strong>&nbsp;<a href=\"https:\/\/docs.hetzner.com\/de\/general\/general-terms-and-conditions\/data-privacy-faq\/\" target=\"_blank\" rel=\"noreferrer noopener\">https:\/\/docs.hetzner.com\/de\/general\/general-terms-and-conditions\/data-privacy-faq\/<\/a>.<\/li>\n\n\n\n<li><strong>WordPress.com:&nbsp;<\/strong>Hosting und Software f\u00fcr die Erstellung, Bereitstellung und den Betrieb von Websites, Blogs und anderen Onlineangeboten;&nbsp;<strong>Dienstanbieter:<\/strong>&nbsp;Aut O\u2019Mattic A8C Irland Ltd., Grand Canal Dock, 25 Herbert Pl, Dublin, D02 AY86, Irland;&nbsp;<strong>Rechtsgrundlagen:<\/strong>&nbsp;Berechtigte Interessen (Art. 6 Abs. 1 S. 1 lit. f) DSGVO);&nbsp;<strong>Website:<\/strong>&nbsp;<a href=\"https:\/\/wordpress.com\/\" target=\"_blank\" rel=\"noreferrer noopener\">https:\/\/wordpress.com<\/a>;&nbsp;<strong>Datenschutzerkl\u00e4rung:<\/strong>&nbsp;<a href=\"https:\/\/automattic.com\/de\/privacy\/\" target=\"_blank\" rel=\"noreferrer noopener\">https:\/\/automattic.com\/de\/privacy\/<\/a>;&nbsp;<strong>Auftragsverarbeitungsvertrag:<\/strong>&nbsp;<a href=\"https:\/\/wordpress.com\/support\/data-processing-agreements\/\" target=\"_blank\" rel=\"noreferrer noopener\">https:\/\/wordpress.com\/support\/data-processing-agreements\/<\/a>.<\/li>\n<\/ul>\n\n\n\n<div style=\"height:40px\" aria-hidden=\"true\" class=\"wp-block-spacer\"><\/div>\n\n\n\n<h2 class=\"wp-block-heading\" id=\"m182\">Kontakt- und Anfragenverwaltung<\/h2>\n\n\n\n<p>Bei der Kontaktaufnahme mit uns (z.B. per Kontaktformular, E\u2011Mail, Telefon oder via soziale Medien) sowie im Rahmen bestehender Nutzer- und Gesch\u00e4ftsbeziehungen werden die Angaben der anfragenden Personen verarbeitet soweit dies zur Beantwortung der Kontaktanfragen und etwaiger angefragter Ma\u00dfnahmen erforderlich&nbsp;ist.<\/p>\n\n\n\n<ul class=\"wp-block-list\">\n<li><strong>Verarbeitete Datenarten:<\/strong>&nbsp;Kontaktdaten (z.B. E\u2011Mail, Telefonnummern); Inhaltsdaten (z.B. Eingaben in Onlineformularen); Nutzungsdaten (z.B. besuchte Webseiten, Interesse an Inhalten, Zugriffszeiten); Meta-\/Kommunikationsdaten (z.B. Ger\u00e4te-Informationen, IP-Adressen).<\/li>\n\n\n\n<li><strong>Betroffene Personen:<\/strong>&nbsp;Kommunikationspartner:innen.<\/li>\n\n\n\n<li><strong>Zwecke der Verarbeitung:<\/strong>&nbsp;Kontaktanfragen und Kommunikation; Verwaltung und Beantwortung von Anfragen; Feedback (z.B. Sammeln von Feedback via Online-Formular); Bereitstellung unseres Onlineangebotes und Nutzer:innenfreundlichkeit.<\/li>\n\n\n\n<li><strong>Rechtsgrundlagen:<\/strong>&nbsp;Berechtigte Interessen (Art. 6 Abs. 1 S. 1 lit. f) DSGVO); Vertragserf\u00fcllung und vorvertragliche Anfragen (Art. 6 Abs. 1 S. 1 lit. b)&nbsp;DSGVO).<\/li>\n<\/ul>\n\n\n\n<p><strong>Weitere Hinweise zu Verarbeitungsprozessen, Verfahren und Diensten:<\/strong><\/p>\n\n\n\n<ul class=\"wp-block-list\">\n<li><strong>Kontaktformular:&nbsp;<\/strong>Wenn Nutzer:innen \u00fcber unser Kontaktformular, E\u2011Mail oder andere Kommunikationswege mit uns in Kontakt treten, verarbeiten wir die uns in diesem Zusammenhang mitgeteilten Daten zur Bearbeitung des mitgeteilten Anliegens;&nbsp;<strong>Rechtsgrundlagen:<\/strong>&nbsp;Vertragserf\u00fcllung und vorvertragliche Anfragen (Art. 6 Abs. 1 S. 1 lit. b) DSGVO), Berechtigte Interessen (Art. 6 Abs. 1 S. 1 lit. f)&nbsp;DSGVO).<\/li>\n<\/ul>\n\n\n\n<div style=\"height:40px\" aria-hidden=\"true\" class=\"wp-block-spacer\"><\/div>\n\n\n\n<h2 class=\"wp-block-heading\" id=\"m17\">Newsletter und elektronische Benachrichtigungen<\/h2>\n\n\n\n<p>We send newsletters, emails, and other electronic notifications (\u201cnewsletter\u201d) only with consent or legal permission. If newsletter contents are specified during signup, they are decisive for consent. Otherwise, our newsletters contain information about our services and us.<\/p>\n\n\n\n<p>Providing an email address is generally sufficient for registration. We may request a name for personalization or other details if necessary for the newsletter.<\/p>\n\n\n\n<p><strong>Double-opt-in:<\/strong>&nbsp;After subscribing, you receive an email asking you to confirm. This prevents misuse of email addresses. Signups are logged (time of signup\/confirmation, IP address) to meet legal proof requirements. Changes to your data at the email service provider are also logged.<\/p>\n\n\n\n<p><strong>Deletion\/restriction:<\/strong>&nbsp;We may store unsubscribed email addresses for up to three years based on our legitimate interests to prove prior consent. Processing is limited to defending claims. Individual deletion requests are possible if prior consent is confirmed. Where we must permanently respect objections, we store the email address on a blocklist for this sole purpose.<\/p>\n\n\n\n<p>Logging of the signup process is based on our legitimate interests in proving proper procedures. If we use a service provider for sending, this is based on our legitimate interests in an efficient and secure system.<\/p>\n\n\n\n<p><strong>Contents:<\/strong>&nbsp;Information about us, our process, updates, and event announcements.<\/p>\n\n\n\n<ul class=\"wp-block-list\">\n<li><strong>Verarbeitete Datenarten:<\/strong>&nbsp;Master data (names, addresses); contact data (email, phone); meta\/communication data (device info, IPs); usage data (visited pages, interests, access times).<\/li>\n\n\n\n<li><strong>Betroffene Personen:<\/strong>&nbsp;Kommunikationspartner:innen.<\/li>\n\n\n\n<li><strong>Zwecke der Verarbeitung:<\/strong>&nbsp;Direct marketing (e.g., via email or post).<\/li>\n\n\n\n<li><strong>Rechtsgrundlagen:<\/strong>&nbsp;Consent (Art. 6(1)(a) GDPR).<\/li>\n\n\n\n<li><strong>Opt-out:&nbsp;<\/strong>You can unsubscribe at any time (withdraw consent\/oppose further receipt). A link is included in every newsletter, or use the contacts above (preferably email).<\/li>\n<\/ul>\n\n\n\n<p><strong>Weitere Hinweise zu Verarbeitungsprozessen, Verfahren und Diensten:<\/strong><\/p>\n\n\n\n<p><strong>Open\/click-rate measurement:&nbsp;<\/strong>Newsletters may contain a web beacon (a one-pixel file) retrieved from our or the provider\u2019s server upon opening. Technical info (browser\/system, IP, time) is collected to improve the newsletter and analyze readership (locations via IP, access times). This includes whether and when newsletters are opened and how often.<\/p>\n\n\n\n<p><strong>Rechtsgrundlagen:<\/strong>&nbsp;Consent (Art. 6(1)(a) GDPR).<\/p>\n\n\n\n<p>You can unsubscribe at any time by sending a simple email to newsletter-leave@krakelee.org&nbsp;<strong>newsletter-leave@krakelee.org<\/strong>&nbsp;from the address used to subscribe. For questions, contact info@krakelee.org. Unsubscribe instructions are also included in every issue.<\/p>\n\n\n\n<div style=\"height:40px\" aria-hidden=\"true\" class=\"wp-block-spacer\"><\/div>\n\n\n\n<h2 class=\"wp-block-heading\" id=\"m638\">Kommunikation via E\u2011Mail<\/h2>\n\n\n\n<p>Wir verarbeiten personenbezogene Daten zu Zwecken der Kommunikation, die \u00fcber diverse Kan\u00e4le, wie z.B. E\u2011Mail, Telefon, Post oder Fax, entsprechend den gesetzlichen Vorgaben erfolgen&nbsp;kann.<\/p>\n\n\n\n<p>Die Empf\u00e4nger:innen haben das Recht, erteilte Einwilligungen jederzeit zu widerrufen oder der Kommunikation jederzeit zu widersprechen.<\/p>\n\n\n\n<p>Nach Widerruf oder Widerspruch speichern wir die zum Nachweis der bisherigen Berechtigung erforderlichen Daten zur Kontaktaufnahme oder Zusendung bis zu drei Jahre nach Ablauf des Jahres des Widerrufs oder Widerspruchs auf der Grundlage unserer berechtigten Interessen. Die Verarbeitung dieser Daten ist auf den Zweck einer m\u00f6glichen Abwehr von Anspr\u00fcchen beschr\u00e4nkt. Auf der Grundlage des berechtigten Interesses, den Widerruf bzw. Widerspruch der Nutzer:innen dauerhaft zu beachten, speichern wir ferner die zur Vermeidung einer erneuten Kontaktaufnahme erforderlichen Daten (z.B. je nach Kommunikationskanal die E\u2011Mail-Adresse, Telefonnummer,&nbsp;Name).<\/p>\n\n\n\n<ul class=\"wp-block-list\">\n<li><strong>Verarbeitete Datenarten:<\/strong>&nbsp;Bestandsdaten (z.B. Namen, Adressen); Kontaktdaten (z.B. E\u2011Mail, Telefonnummern).<\/li>\n\n\n\n<li><strong>Betroffene Personen:<\/strong>&nbsp;Kommunikationspartner:innen.<\/li>\n\n\n\n<li><strong>Zwecke der Verarbeitung:<\/strong>&nbsp;Kommunikation, Direktmarketing (z.B. per E\u2011Mail oder postalisch).<\/li>\n\n\n\n<li><strong>Rechtsgrundlagen:<\/strong>&nbsp;Einwilligung (Art. 6 Abs. 1 S. 1 lit. a) DSGVO); Berechtigte Interessen (Art. 6 Abs. 1 S. 1 lit. f)&nbsp;DSGVO).<\/li>\n<\/ul>\n\n\n\n<div style=\"height:40px\" aria-hidden=\"true\" class=\"wp-block-spacer\"><\/div>\n\n\n\n<h2 class=\"wp-block-heading\" id=\"m136\">Pr\u00e4senzen in sozialen Netzwerken (Social Media)<\/h2>\n\n\n\n<p>Wir unterhalten Onlinepr\u00e4senzen innerhalb sozialer Netzwerke und verarbeiten in diesem Rahmen Daten der Nutzer:innen, um mit den dort aktiven Nutzer:innen zu kommunizieren oder um Informationen \u00fcber uns anzubieten.<\/p>\n\n\n\n<p>Wir weisen darauf hin, dass dabei Daten der Nutzer:innen au\u00dferhalb des Raumes der Europ\u00e4ischen Union verarbeitet werden k\u00f6nnen. Hierdurch k\u00f6nnen sich f\u00fcr die Nutzer:innen Risiken ergeben, weil so z.B. die Durchsetzung der Rechte der Nutzer:innen erschwert werden k\u00f6nnte.<\/p>\n\n\n\n<p>Ferner werden die Daten der Nutzer:innen innerhalb sozialer Netzwerke im Regelfall f\u00fcr Marktforschungs- und Werbezwecke verarbeitet. So k\u00f6nnen z.B. anhand des Nutzungsverhaltens und sich daraus ergebender Interessen der Nutzer:innen Nutzungsprofile erstellt werden. Die Nutzungsprofile k\u00f6nnen wiederum verwendet werden, um z.B. Werbeanzeigen innerhalb und au\u00dferhalb der Netzwerke zu schalten, die mutma\u00dflich den Interessen der Nutzer:innen entsprechen. Zu diesen Zwecken werden im Regelfall Cookies auf den Rechnern der Nutzer:innen gespeichert, in denen das Nutzungsverhalten und die Interessen der Nutzer:innen gespeichert werden. Ferner k\u00f6nnen in den Nutzungsprofilen auch Daten unabh\u00e4ngig der von den Nutzer:innen verwendeten Ger\u00e4te gespeichert werden (insbesondere, wenn die Nutzer:innen Mitglieder der jeweiligen Plattformen sind und bei diesen eingeloggt&nbsp;sind).<\/p>\n\n\n\n<p>F\u00fcr eine detaillierte Darstellung der jeweiligen Verarbeitungsformen und der Widerspruchsm\u00f6glichkeiten (Opt-Out) verweisen wir auf die Datenschutzerkl\u00e4rungen und Angaben der Betreiber der jeweiligen Netzwerke.<\/p>\n\n\n\n<p>Auch im Fall von Auskunftsanfragen und der Geltendmachung von Betroffenenrechten weisen wir darauf hin, dass diese am effektivsten bei den Anbietern geltend gemacht werden k\u00f6nnen. Nur die Anbieter haben jeweils Zugriff auf die Daten der Nutzer:innen und k\u00f6nnen direkt entsprechende Ma\u00dfnahmen ergreifen und Ausk\u00fcnfte geben. Sollten Sie dennoch Hilfe ben\u00f6tigen, dann k\u00f6nnen Sie sich an uns wenden.<\/p>\n\n\n\n<ul class=\"wp-block-list\">\n<li><strong>Verarbeitete Datenarten:<\/strong>&nbsp;Kontaktdaten (z.B. E\u2011Mail, Telefonnummern); Inhaltsdaten (z.B. Eingaben in Onlineformularen); Nutzungsdaten (z.B. besuchte Webseiten, Interesse an Inhalten, Zugriffszeiten); Meta-\/Kommunikationsdaten (z.B. Ger\u00e4te-Informationen, IP-Adressen).<\/li>\n\n\n\n<li><strong>Betroffene Personen:<\/strong>&nbsp;Nutzer:innen (z.B. Webseitenbesucher, Nutzer:innen von Onlinediensten).<\/li>\n\n\n\n<li><strong>Zwecke der Verarbeitung:<\/strong>&nbsp;Kontaktanfragen und Kommunikation; Feedback (z.B. Sammeln von Feedback via Online-Formular); Marketing.<\/li>\n\n\n\n<li><strong>Rechtsgrundlagen:<\/strong>&nbsp;Berechtigte Interessen (Art. 6 Abs. 1 S. 1 lit. f)&nbsp;DSGVO).<\/li>\n<\/ul>\n\n\n\n<p><strong>Weitere Hinweise zu Verarbeitungsprozessen, Verfahren und Diensten:<\/strong><\/p>\n\n\n\n<ul class=\"wp-block-list\">\n<li><strong>Instagram:&nbsp;<\/strong>Soziales Netzwerk;&nbsp;<strong>Dienstanbieter:<\/strong>&nbsp;Meta Platforms Irland Limited, 4 Grand Canal Square, Grand Canal Harbour, Dublin 2, Irland;&nbsp;<strong>Rechtsgrundlagen:<\/strong>&nbsp;Berechtigte Interessen (Art. 6 Abs. 1 S. 1 lit. f) DSGVO);&nbsp;<strong>Website:<\/strong>&nbsp;<a href=\"https:\/\/www.instagram.com\/\" target=\"_blank\" rel=\"noreferrer noopener\">https:\/\/www.instagram.com<\/a>;&nbsp;<strong>Datenschutzerkl\u00e4rung:<\/strong>&nbsp;<a href=\"https:\/\/instagram.com\/about\/legal\/privacy\" target=\"_blank\" rel=\"noreferrer noopener\">https:\/\/instagram.com\/about\/legal\/privacy<\/a>.<\/li>\n\n\n\n<li><strong>Facebook-Seiten:&nbsp;<\/strong>Profile innerhalb des sozialen Netzwerks Facebook \u2013 Wir sind gemeinsam mit Meta Platforms Ireland Limited f\u00fcr die Erhebung (jedoch nicht die weitere Verarbeitung) von Daten der Besucher unserer Facebook-Seite (sog. \u00bbFanpage\u00ab) verantwortlich. Zu diesen Daten geh\u00f6ren Informationen zu den Arten von Inhalten, die Nutzer:innen sich ansehen oder mit denen sie interagieren, oder die von ihnen vorgenommenen Handlungen (siehe unter \u00bbVon dir und anderen get\u00e4tigte und bereitgestellte Dinge\u00ab in der Facebook-Datenrichtlinie:&nbsp;<a href=\"https:\/\/www.facebook.com\/policy\" target=\"_blank\" rel=\"noreferrer noopener\">https:\/\/www.facebook.com\/policy<\/a>), sowie Informationen \u00fcber die von den Nutzer:innen genutzten Ger\u00e4te (z. B. IP-Adressen, Betriebssystem, Browsertyp, Spracheinstellungen, Cookie-Daten; siehe unter \u00bbGer\u00e4teinformationen\u00ab in der Facebook-Datenrichtlinie:&nbsp;<a href=\"https:\/\/www.facebook.com\/policy\" target=\"_blank\" rel=\"noreferrer noopener\">https:\/\/www.facebook.com\/policy<\/a>). Wie in der Facebook-Datenrichtlinie unter \u00bbWie verwenden wir diese Informationen?\u00ab erl\u00e4utert, erhebt und verwendet Facebook Informationen auch, um Analysedienste, so genannte \u00bbSeiten-Insights\u00ab, f\u00fcr Seitenbetreiber:innen bereitzustellen, damit diese Erkenntnisse dar\u00fcber erhalten, wie Personen mit ihren Seiten und mit den mit ihnen verbundenen Inhalten interagieren. Wir haben mit Facebook eine spezielle Vereinbarung abgeschlossen (\u00bbInformationen zu Seiten-Insights\u00ab,&nbsp;<a href=\"https:\/\/www.facebook.com\/legal\/terms\/page_controller_addendum\" target=\"_blank\" rel=\"noreferrer noopener\">https:\/\/www.facebook.com\/legal\/terms\/page_controller_addendum<\/a>), in der insbesondere geregelt wird, welche Sicherheitsma\u00dfnahmen Facebook beachten muss und in der Facebook sich bereit erkl\u00e4rt hat die Betroffenenrechte zu erf\u00fcllen (d. h. Nutzer:innen k\u00f6nnen z. B. Ausk\u00fcnfte oder L\u00f6schungsanfragen direkt an Facebook richten). Die Rechte der Nutzer:innen (insbesondere auf Auskunft, L\u00f6schung, Widerspruch und Beschwerde bei zust\u00e4ndiger Aufsichtsbeh\u00f6rde), werden durch die Vereinbarungen mit Facebook nicht eingeschr\u00e4nkt. Weitere Hinweise finden sich in den \u00bbInformationen zu Seiten-Insights\u00ab (<a href=\"https:\/\/www.facebook.com\/legal\/terms\/information_about_page_insights_data\" target=\"_blank\" rel=\"noreferrer noopener\">https:\/\/www.facebook.com\/legal\/terms\/information_about_page_insights_data<\/a>);&nbsp;<strong>Dienstanbieter:<\/strong>&nbsp;Meta Platforms Ireland Limited, 4 Grand Canal Square, Grand Canal Harbour, Dublin 2, Irland;&nbsp;<strong>Rechtsgrundlagen:<\/strong>&nbsp;Berechtigte Interessen (Art. 6 Abs. 1 S. 1 lit. f) DSGVO);&nbsp;<strong>Website:<\/strong>&nbsp;<a href=\"https:\/\/www.facebook.com\/\" target=\"_blank\" rel=\"noreferrer noopener\">https:\/\/www.facebook.com<\/a>;&nbsp;<strong>Datenschutzerkl\u00e4rung:<\/strong>&nbsp;<a href=\"https:\/\/www.facebook.com\/about\/privacy\" target=\"_blank\" rel=\"noreferrer noopener\">https:\/\/www.facebook.com\/about\/privacy<\/a>;&nbsp;<strong>Standardvertragsklauseln (Gew\u00e4hrleistung Datenschutzniveau bei Verarbeitung in Drittl\u00e4ndern):<\/strong>&nbsp;<a href=\"https:\/\/www.facebook.com\/legal\/EU_data_transfer_addendum\" target=\"_blank\" rel=\"noreferrer noopener\">https:\/\/www.facebook.com\/legal\/EU_data_transfer_addendum<\/a>;&nbsp;<strong>Weitere Informationen:<\/strong>&nbsp;Vereinbarung gemeinsamer Verantwortlichkeit:&nbsp;<a href=\"https:\/\/www.facebook.com\/legal\/terms\/information_about_page_insights_data\" target=\"_blank\" rel=\"noreferrer noopener\">https:\/\/www.facebook.com\/legal\/terms\/information_about_page_insights_data<\/a>. Die gemeinsame Verantwortlichkeit beschr\u00e4nkt sich auf die Erhebung durch und \u00dcbermittlung von Daten an Meta Platforms Ireland Limited, ein Unternehmen mit Sitz in der EU. Die weitere Verarbeitung der Daten liegt in der alleinigen Verantwortung von Meta Platforms Ireland Limited, was insbesondere die \u00dcbermittlung der Daten an die Muttergesellschaft Meta Platforms, Inc. in den USA betrifft (auf der Grundlage der zwischen Meta Platforms Ireland Limited und Meta Platforms, Inc. geschlossenen Standardvertragsklauseln).<\/li>\n<\/ul>\n\n\n\n<div style=\"height:40px\" aria-hidden=\"true\" class=\"wp-block-spacer\"><\/div>\n\n\n\n<h2 class=\"wp-block-heading\" id=\"m328\">Plugins und eingebettete Funktionen sowie Inhalte<\/h2>\n\n\n\n<p>Wir binden in unser Onlineangebot Funktions- und Inhaltselemente ein, die von den Servern ihrer jeweiligen Anbieter (nachfolgend bezeichnet als \u00bbDrittanbieter\u00ab) bezogen werden. Dabei kann es sich zum Beispiel um Grafiken, Videos oder Stadtpl\u00e4ne handeln (nachfolgend einheitlich bezeichnet als \u00bbInhalte\u00ab).<\/p>\n\n\n\n<p>Die Einbindung setzt immer voraus, dass die Drittanbieter dieser Inhalte die IP-Adresse der Nutzer:innen verarbeiten, da sie ohne die IP-Adresse die Inhalte nicht an deren Browser senden k\u00f6nnten. Die IP-Adresse ist damit f\u00fcr die Darstellung dieser Inhalte oder Funktionen erforderlich. Wir bem\u00fchen uns, nur solche Inhalte zu verwenden, deren jeweilige Anbieter die IP-Adresse lediglich zur Auslieferung der Inhalte verwenden. Drittanbieter k\u00f6nnen ferner sogenannte Pixel-Tags (unsichtbare Grafiken, auch als \u00bbWeb Beacons\u00ab bezeichnet) f\u00fcr statistische oder Marketingzwecke verwenden. Durch die \u00bbPixel-Tags\u00ab k\u00f6nnen Informationen, wie der Besucherverkehr auf den Seiten dieser Webseite, ausgewertet werden. Die pseudonymen Informationen k\u00f6nnen ferner in Cookies auf dem Ger\u00e4t der Nutzer:innen gespeichert werden und unter anderem technische Informationen zum Browser und zum Betriebssystem, zu verweisenden Webseiten, zur Besuchszeit sowie weitere Angaben zur Nutzung unseres Onlineangebotes enthalten als auch mit solchen Informationen aus anderen Quellen verbunden werden.<\/p>\n\n\n\n<ul class=\"wp-block-list\">\n<li><strong>Verarbeitete Datenarten:<\/strong>&nbsp;Nutzungsdaten (z.B. besuchte Webseiten, Interesse an Inhalten, Zugriffszeiten); Meta-\/Kommunikationsdaten (z.B. Ger\u00e4te-Informationen, IP-Adressen); Bestandsdaten (z.B. Namen, Adressen); Kontaktdaten (z.B. E\u2011Mail, Telefonnummern); Inhaltsdaten (z.B. Eingaben in Onlineformularen).<\/li>\n\n\n\n<li><strong>Betroffene Personen:<\/strong>&nbsp;Nutzer:innen (z.B. Webseitenbesucher:innen, Nutzer:innen von Onlinediensten).<\/li>\n\n\n\n<li><strong>Zwecke der Verarbeitung:<\/strong>&nbsp;Bereitstellung unseres Onlineangebotes und Nutzer:innenfreundlichkeit; Erbringung vertraglicher Leistungen und Kundenservice; Profile mit nutzer:innenbezogenen Informationen (Erstellen von Nutzer:innenprofilen).<\/li>\n\n\n\n<li><strong>Rechtsgrundlagen:<\/strong>&nbsp;Berechtigte Interessen (Art. 6 Abs. 1 S. 1 lit. f)&nbsp;DSGVO).<\/li>\n<\/ul>\n\n\n\n<p><strong>Weitere Hinweise zu Verarbeitungsprozessen, Verfahren und Diensten:<\/strong><\/p>\n\n\n\n<ul class=\"wp-block-list\">\n<li><strong>Einbindung von Drittsoftware, Skripten oder Frameworks (z. B. jQuery):&nbsp;<\/strong>Wir binden in unser Onlineangebot Software ein, die wir von Servern anderer Anbieter abrufen (z.B. Funktions-Bibliotheken, die wir zwecks Darstellung oder Nutzer:innenfreundlichkeit&nbsp;unseres Onlineangebotes verwenden). Hierbei erheben die jeweiligen Anbieter die IP-Adresse der Nutzer:innen und k\u00f6nnen diese zu Zwecken der&nbsp;\u00dcbermittlung der Software an den Browser der Nutzer:innen sowie zu Zwecken der Sicherheit, als auch zur Auswertung und Optimierung ihres Angebotes verarbeiten. \u2014 Wir binden in unser Onlineangebot Software ein, die wir von Servern anderer Anbieter abrufen (z.B. Funktions-Bibliotheken, die wir zwecks Darstellung oder Nutzer:innenfreundlichkeit&nbsp;unseres Onlineangebotes verwenden). Hierbei erheben die jeweiligen Anbieter die IP-Adresse der Nutzer:innen und k\u00f6nnen diese zu Zwecken der&nbsp;\u00dcbermittlung der Software an den Browser der Nutzer:innen sowie zu Zwecken der Sicherheit, als auch zur Auswertung und Optimierung ihres Angebotes verarbeiten;&nbsp;<strong>Rechtsgrundlagen:<\/strong>&nbsp;Berechtigte Interessen (Art. 6 Abs. 1 S. 1 lit. f)&nbsp;DSGVO).<\/li>\n\n\n\n<li><strong>OpenStreetMap:&nbsp;<\/strong>Wir binden die Landkarten des Dienstes \u00bbOpenStreetMap\u00ab ein, die auf Grundlage der Open Data Commons Open Database Lizenz (ODbL) durch die OpenStreetMap Foundation (OSMF) angeboten werden. Die Daten der Nutzer:innen werden durch OpenStreetMap ausschlie\u00dflich zu Zwecken der Darstellung der Kartenfunktionen und zur Zwischenspeicherung der gew\u00e4hlten Einstellungen verwendet. Zu diesen Daten k\u00f6nnen insbesondere IP-Adressen und Standortdaten der Nutzer:innen geh\u00f6ren, die jedoch nicht ohne deren Einwilligung (im Regelfall im Rahmen der Einstellungen ihrer Mobilger\u00e4te vollzogen) erhoben werden;&nbsp;<strong>Dienstanbieter:<\/strong>&nbsp;OpenStreetMap Foundation (OSMF);&nbsp;<strong>Rechtsgrundlagen:<\/strong>&nbsp;Berechtigte Interessen (Art. 6 Abs. 1 S. 1 lit. f) DSGVO);&nbsp;<strong>Website:<\/strong>&nbsp;<a href=\"https:\/\/www.openstreetmap.de\/\" target=\"_blank\" rel=\"noreferrer noopener\">https:\/\/www.openstreetmap.de<\/a>;&nbsp;<strong>Datenschutzerkl\u00e4rung:<\/strong>&nbsp;<a href=\"https:\/\/wiki.osmfoundation.org\/wiki\/Privacy_Policy\" target=\"_blank\" rel=\"noreferrer noopener\">https:\/\/wiki.osmfoundation.org\/wiki\/Privacy_Policy<\/a>.<\/li>\n\n\n\n<li><strong>YouTube-Videos:&nbsp;<\/strong>Videoinhalte;&nbsp;<strong>Dienstanbieter:<\/strong>&nbsp;Google Ireland Limited, Gordon House, Barrow Street, Dublin 4, Irland;&nbsp;<strong>Rechtsgrundlagen:<\/strong>&nbsp;Berechtigte Interessen (Art. 6 Abs. 1 S. 1 lit. f) DSGVO);&nbsp;<strong>Website:<\/strong>&nbsp;<a href=\"https:\/\/www.youtube.com\/\" target=\"_blank\" rel=\"noreferrer noopener\">https:\/\/www.youtube.com<\/a>;&nbsp;<strong>Datenschutzerkl\u00e4rung:<\/strong>&nbsp;<a href=\"https:\/\/policies.google.com\/privacy\" target=\"_blank\" rel=\"noreferrer noopener\">https:\/\/policies.google.com\/privacy<\/a>;&nbsp;<strong>Opt-out:<\/strong>&nbsp;Opt-Out-Plugin:&nbsp;<a href=\"https:\/\/tools.google.com\/dlpage\/gaoptout?hl=de\" target=\"_blank\" rel=\"noreferrer noopener\">https:\/\/tools.google.com\/dlpage\/gaoptout?hl=de<\/a>, Einstellungen f\u00fcr die Darstellung von Werbeeinblendungen:&nbsp;<a href=\"https:\/\/adssettings.google.com\/authenticated\" target=\"_blank\" rel=\"noreferrer noopener\">https:\/\/adssettings.google.com\/authenticated<\/a>.<\/li>\n\n\n\n<li><strong>Vimeo:&nbsp;<\/strong>Videoinhalte;&nbsp;<strong>Dienstanbieter:<\/strong>&nbsp;Vimeo Inc., Attention: Legal Department, 555 West 18th Street New York, New York 10011, USA;&nbsp;<strong>Rechtsgrundlagen:<\/strong>&nbsp;Berechtigte Interessen (Art. 6 Abs. 1 S. 1 lit. f) DSGVO);&nbsp;<strong>Website:<\/strong>&nbsp;<a href=\"https:\/\/vimeo.com\/\" target=\"_blank\" rel=\"noreferrer noopener\">https:\/\/vimeo.com<\/a>;&nbsp;<strong>Datenschutzerkl\u00e4rung:<\/strong>&nbsp;<a href=\"https:\/\/vimeo.com\/privacy\" target=\"_blank\" rel=\"noreferrer noopener\">https:\/\/vimeo.com\/privacy<\/a>;&nbsp;<strong>Opt-out:<\/strong>&nbsp;Wir weisen darauf hin, dass Vimeo Google Analytics einsetzen kann und verweisen hierzu auf die Datenschutzerkl\u00e4rung (<a href=\"https:\/\/policies.google.com\/privacy\" target=\"_blank\" rel=\"noreferrer noopener\">https:\/\/policies.google.com\/privacy<\/a>) sowie die Opt-Out-M\u00f6glichkeiten f\u00fcr Google-Analytics (<a href=\"https:\/\/tools.google.com\/dlpage\/gaoptout?hl=de\" target=\"_blank\" rel=\"noreferrer noopener\">https:\/\/tools.google.com\/dlpage\/gaoptout?hl=de<\/a>) oder die Einstellungen von Google f\u00fcr die Datennutzung zu Marketingzwecken (<a href=\"https:\/\/adssettings.google.com\/\" target=\"_blank\" rel=\"noreferrer noopener\">https:\/\/adssettings.google.com\/<\/a>).<\/li>\n<\/ul>\n\n\n\n<div style=\"height:40px\" aria-hidden=\"true\" class=\"wp-block-spacer\"><\/div>\n\n\n\n<h2 class=\"wp-block-heading\" id=\"m15\">\u00c4nderung und Aktualisierung der Datenschutzerkl\u00e4rung<\/h2>\n\n\n\n<p>Wir bitten Sie, sich regelm\u00e4\u00dfig \u00fcber den Inhalt unserer Datenschutzerkl\u00e4rung zu informieren. Wir passen die Datenschutzerkl\u00e4rung an, sobald die \u00c4nderungen der von uns durchgef\u00fchrten Datenverarbeitungen dies erforderlich machen. Wir informieren Sie, sobald durch die \u00c4nderungen eine Mitwirkungshandlung Ihrerseits (z.B. Einwilligung) oder eine sonstige individuelle Benachrichtigung erforderlich&nbsp;wird.<\/p>\n\n\n\n<p>Sofern wir in dieser Datenschutzerkl\u00e4rung Adressen und Kontaktinformationen von Unternehmen und Organisationen angeben, bitten wir zu beachten, dass die Adressen sich \u00fcber die Zeit \u00e4ndern k\u00f6nnen und bitten die Angaben vor Kontaktaufnahme zu pr\u00fcfen.<\/p>\n\n\n\n<div style=\"height:40px\" aria-hidden=\"true\" class=\"wp-block-spacer\"><\/div>\n\n\n\n<h2 class=\"wp-block-heading\" id=\"m10\">Rechte der betroffenen Personen<\/h2>\n\n\n\n<p>Ihnen stehen als Betroffene nach der DSGVO verschiedene Rechte zu, die sich insbesondere aus Art. 15 bis 21 DSGVO ergeben:<\/p>\n\n\n\n<ul class=\"wp-block-list\">\n<li><strong>Widerspruchsrecht: Sie haben das Recht, aus Gr\u00fcnden, die sich aus Ihrer besonderen Situation ergeben, jederzeit gegen die Verarbeitung der Sie betreffenden personenbezogenen Daten, die aufgrund von Art. 6 Abs. 1 lit. e oder f DSGVO erfolgt, Widerspruch einzulegen; dies gilt auch f\u00fcr ein auf diese Bestimmungen gest\u00fctztes Profiling. Werden die Sie betreffenden personenbezogenen Daten verarbeitet, um Direktwerbung zu betreiben, haben Sie das Recht, jederzeit Widerspruch gegen die Verarbeitung der Sie betreffenden personenbezogenen Daten zum Zwecke derartiger Werbung einzulegen; dies gilt auch f\u00fcr das Profiling, soweit es mit solcher Direktwerbung in Verbindung&nbsp;steht.<\/strong><\/li>\n\n\n\n<li><strong>Widerrufsrecht bei Einwilligungen:<\/strong>&nbsp;Sie haben das Recht, erteilte Einwilligungen jederzeit zu widerrufen.<\/li>\n\n\n\n<li><strong>Auskunftsrecht:<\/strong>&nbsp;Sie haben das Recht, eine Best\u00e4tigung dar\u00fcber zu verlangen, ob betreffende Daten verarbeitet werden und auf Auskunft \u00fcber diese Daten sowie auf weitere Informationen und Kopie der Daten entsprechend den gesetzlichen Vorgaben.<\/li>\n\n\n\n<li><strong>Recht auf Berichtigung:<\/strong>&nbsp;Sie haben entsprechend den gesetzlichen Vorgaben das Recht, die Vervollst\u00e4ndigung der Sie betreffenden Daten oder die Berichtigung der Sie betreffenden unrichtigen Daten zu verlangen.<\/li>\n\n\n\n<li><strong>Recht auf L\u00f6schung und Einschr\u00e4nkung der Verarbeitung:<\/strong>&nbsp;Sie haben nach Ma\u00dfgabe der gesetzlichen Vorgaben das Recht, zu verlangen, dass Sie betreffende Daten unverz\u00fcglich gel\u00f6scht werden, bzw. alternativ nach Ma\u00dfgabe der gesetzlichen Vorgaben eine Einschr\u00e4nkung der Verarbeitung der Daten zu verlangen.<\/li>\n\n\n\n<li><strong>Recht auf Daten\u00fcbertragbarkeit:<\/strong>&nbsp;Sie haben das Recht, Sie betreffende Daten, die Sie uns bereitgestellt haben, nach Ma\u00dfgabe der gesetzlichen Vorgaben in einem strukturierten, g\u00e4ngigen und maschinenlesbaren Format zu erhalten oder deren \u00dcbermittlung an einen anderen Verantwortlichen zu fordern.<\/li>\n\n\n\n<li><strong>Beschwerde bei Aufsichtsbeh\u00f6rde:<\/strong>&nbsp;Sie haben unbeschadet eines anderweitigen verwaltungsrechtlichen oder gerichtlichen Rechtsbehelfs das Recht auf Beschwerde bei einer Aufsichtsbeh\u00f6rde, insbesondere in dem Mitgliedstaat ihres gew\u00f6hnlichen Aufenthaltsorts, ihres Arbeitsplatzes oder des Orts des mutma\u00dflichen Versto\u00dfes, wenn Sie der Ansicht sind, dass die Verarbeitung der Sie betreffenden personenbezogenen Daten gegen die Vorgaben der DSGVO verst\u00f6\u00dft.<\/li>\n<\/ul>\n\n\n\n<div style=\"height:40px\" aria-hidden=\"true\" class=\"wp-block-spacer\"><\/div>\n\n\n\n<h2 class=\"wp-block-heading\" id=\"m42\">Begriffsdefinitionen<\/h2>\n\n\n\n<p>In diesem Abschnitt erhalten Sie eine \u00dcbersicht \u00fcber die in dieser Datenschutzerkl\u00e4rung verwendeten Begrifflichkeiten. Viele der Begriffe sind dem Gesetz entnommen und vor allem im Art. 4 DSGVO definiert. Die gesetzlichen Definitionen sind verbindlich. Die nachfolgenden Erl\u00e4uterungen sollen dagegen vor allem dem Verst\u00e4ndnis dienen. Die Begriffe sind alphabetisch sortiert.<\/p>\n\n\n\n<ul class=\"wp-block-list\">\n<li><strong>Personenbezogene Daten:<\/strong>&nbsp;\u00bbPersonenbezogene Daten\u00ab sind alle Informationen, die sich auf eine identifizierte oder identifizierbare nat\u00fcrliche Person (im Folgenden \u00bbbetroffene Person\u00ab) beziehen; als identifizierbar wird eine nat\u00fcrliche Person angesehen, die direkt oder indirekt, insbesondere mittels Zuordnung zu einer Kennung wie einem Namen, zu einer Kennnummer, zu Standortdaten, zu einer Online-Kennung (z.B. Cookie) oder zu einem oder mehreren besonderen Merkmalen identifiziert werden kann, die Ausdruck der physischen, physiologischen, genetischen, psychischen, wirtschaftlichen, kulturellen oder sozialen Identit\u00e4t dieser nat\u00fcrlichen Person&nbsp;sind.<\/li>\n\n\n\n<li><strong>Profile mit nutzer:innenbezogenen Informationen:<\/strong>&nbsp;Die Verarbeitung von \u00bbProfilen mit nutzerbezogenen Informationen\u00ab, bzw. kurz \u00bbProfilen\u00ab umfasst jede Art der automatisierten Verarbeitung personenbezogener Daten, die darin besteht, dass diese personenbezogenen Daten verwendet werden, um bestimmte pers\u00f6nliche Aspekte, die sich auf eine nat\u00fcrliche Person beziehen (je nach Art der Profilbildung k\u00f6nnen dazu unterschiedliche Informationen betreffend die Demographie, Verhalten und Interessen, wie z.B. die Interaktion mit Webseiten und deren Inhalten, etc.) zu analysieren, zu bewerten oder, um sie vorherzusagen (z.B. die Interessen an bestimmten Inhalten oder Produkten, das Klickverhalten auf einer Webseite oder den Aufenthaltsort). Zu Zwecken des Profilings werden h\u00e4ufig Cookies und Web-Beacons eingesetzt.<\/li>\n\n\n\n<li><strong>Verantwortlicher:<\/strong>&nbsp;Als \u00bbVerantwortlicher\u00ab wird die nat\u00fcrliche oder juristische Person, Beh\u00f6rde, Einrichtung oder andere Stelle, die allein oder gemeinsam mit anderen \u00fcber die Zwecke und Mittel der Verarbeitung von personenbezogenen Daten entscheidet, bezeichnet.<\/li>\n\n\n\n<li><strong>Verarbeitung:<\/strong>&nbsp;\u00bbVerarbeitung\u00ab ist jeder mit oder ohne Hilfe automatisierter Verfahren ausgef\u00fchrte Vorgang oder jede solche Vorgangsreihe im Zusammenhang mit personenbezogenen Daten. Der Begriff reicht weit und umfasst praktisch jeden Umgang mit Daten, sei es das Erheben, das Auswerten, das Speichern, das \u00dcbermitteln oder das L\u00f6schen.<\/li>\n<\/ul>\n\n\n\n<p><a href=\"https:\/\/datenschutz-generator.de\/\" target=\"_blank\" rel=\"noreferrer noopener\">Erstellt mit kostenlosem Datenschutz-Generator.de von Dr. Thomas Schwenke<\/a><\/p>\n\n\n\n<div style=\"height:40px\" aria-hidden=\"true\" class=\"wp-block-spacer\"><\/div>","protected":false},"excerpt":{"rendered":"<p>Einleitung Der Schutz Ihrer Daten liegt uns sehr am Herzen. Wir handeln deshalb nach dem Prinzip der Datensparsamkeit und erheben nur einen Bruchteil \u00fcblicherweise erhobener und in der folgenden Erkl\u00e4rung beschriebener Daten. Wir verzichten so gut es geht auf die Nutzung von Cookies und ausgehenden Verbindungen zu anderen Servern, welche R\u00fcckschl\u00fcsse auf Ihre Identit\u00e4t zulassen [&hellip;]<\/p>\n","protected":false},"author":1,"featured_media":0,"parent":0,"menu_order":0,"comment_status":"closed","ping_status":"open","template":"","meta":{"inline_featured_image":false,"footnotes":""},"class_list":["post-3","page","type-page","status-publish","hentry"],"_links":{"self":[{"href":"https:\/\/www.krakelee.org\/en\/wp-json\/wp\/v2\/pages\/3","targetHints":{"allow":["GET"]}}],"collection":[{"href":"https:\/\/www.krakelee.org\/en\/wp-json\/wp\/v2\/pages"}],"about":[{"href":"https:\/\/www.krakelee.org\/en\/wp-json\/wp\/v2\/types\/page"}],"author":[{"embeddable":true,"href":"https:\/\/www.krakelee.org\/en\/wp-json\/wp\/v2\/users\/1"}],"replies":[{"embeddable":true,"href":"https:\/\/www.krakelee.org\/en\/wp-json\/wp\/v2\/comments?post=3"}],"version-history":[{"count":3,"href":"https:\/\/www.krakelee.org\/en\/wp-json\/wp\/v2\/pages\/3\/revisions"}],"predecessor-version":[{"id":4034,"href":"https:\/\/www.krakelee.org\/en\/wp-json\/wp\/v2\/pages\/3\/revisions\/4034"}],"wp:attachment":[{"href":"https:\/\/www.krakelee.org\/en\/wp-json\/wp\/v2\/media?parent=3"}],"curies":[{"name":"wp","href":"https:\/\/api.w.org\/{rel}","templated":true}]}}